{"id":1936,"date":"2026-05-07T20:46:50","date_gmt":"2026-05-07T20:46:50","guid":{"rendered":"https:\/\/accesslab-v1.allycan.ch\/?page_id=1936"},"modified":"2026-05-08T08:26:45","modified_gmt":"2026-05-08T08:26:45","slug":"services-accessibility-training","status":"publish","type":"page","link":"https:\/\/accesslab-v1.allycan.ch\/de\/services-accessibility-training\/","title":{"rendered":"Services &#8211; Accessibility Training"},"content":{"rendered":"\t\t<div data-elementor-type=\"wp-page\" data-elementor-id=\"1936\" class=\"elementor elementor-1936\">\n\t\t\t\t<div class=\"elementor-element elementor-element-740de480 e-flex e-con-boxed e-con e-parent\" data-id=\"740de480\" data-element_type=\"container\" data-e-type=\"container\" data-settings=\"{&quot;background_background&quot;:&quot;classic&quot;}\">\n\t\t\t\t\t<div class=\"e-con-inner\">\n\t\t<div class=\"elementor-element elementor-element-2cca6cf8 e-con-full e-flex e-con e-child\" data-id=\"2cca6cf8\" data-element_type=\"container\" data-e-type=\"container\">\n\t\t\t\t<div class=\"elementor-element elementor-element-6d4c5601 elementor-widget elementor-widget-heading\" data-id=\"6d4c5601\" data-element_type=\"widget\" data-e-type=\"widget\" data-widget_type=\"heading.default\">\n\t\t\t\t<div class=\"elementor-widget-container\">\n\t\t\t\t\t<h1 class=\"elementor-heading-title elementor-size-default\">Leistungen<\/h1>\t\t\t\t<\/div>\n\t\t\t\t<\/div>\n\t\t\t\t<\/div>\n\t\t\t\t\t<\/div>\n\t\t\t\t<\/div>\n\t\t<div class=\"elementor-element elementor-element-4f692357 e-flex e-con-boxed e-con e-parent\" data-id=\"4f692357\" data-element_type=\"container\" data-e-type=\"container\" data-settings=\"{&quot;background_background&quot;:&quot;classic&quot;}\">\n\t\t\t\t\t<div class=\"e-con-inner\">\n\t\t<div class=\"elementor-element elementor-element-70193e11 e-con-full e-flex e-con e-child\" data-id=\"70193e11\" data-element_type=\"container\" data-e-type=\"container\">\n\t\t\t\t<div class=\"elementor-element elementor-element-63fc059c elementor-widget elementor-widget-heading\" data-id=\"63fc059c\" data-element_type=\"widget\" data-e-type=\"widget\" data-widget_type=\"heading.default\">\n\t\t\t\t<div class=\"elementor-widget-container\">\n\t\t\t\t\t<h2 class=\"elementor-heading-title elementor-size-default\">Accessibility Training<\/h2>\t\t\t\t<\/div>\n\t\t\t\t<\/div>\n\t\t\t\t<\/div>\n\t\t<div class=\"elementor-element elementor-element-6b058cb3 e-con-full e-flex e-con e-child\" data-id=\"6b058cb3\" data-element_type=\"container\" data-e-type=\"container\">\n\t\t\t\t<div class=\"elementor-element elementor-element-1128eb90 elementor-widget-divider--view-line elementor-widget elementor-widget-divider\" data-id=\"1128eb90\" data-element_type=\"widget\" data-e-type=\"widget\" data-widget_type=\"divider.default\">\n\t\t\t\t<div class=\"elementor-widget-container\">\n\t\t\t\t\t\t\t<div class=\"elementor-divider\">\n\t\t\t<span class=\"elementor-divider-separator\">\n\t\t\t\t\t\t<\/span>\n\t\t<\/div>\n\t\t\t\t\t\t<\/div>\n\t\t\t\t<\/div>\n\t\t\t\t<div class=\"elementor-element elementor-element-2fdc655e elementor-widget elementor-widget-text-editor\" data-id=\"2fdc655e\" data-element_type=\"widget\" data-e-type=\"widget\" data-widget_type=\"text-editor.default\">\n\t\t\t\t<div class=\"elementor-widget-container\">\n\t\t\t\t\t\t\t\t\t<ul class=\"wp-block-list\"><li><strong>Impulsreferate: KI und Barrierefreiheit<\/strong><br \/>Sie m\u00f6chten verstehen, wie K\u00fcnstliche Intelligenz die digitale Barrierefreiheit unterst\u00fctzen kann?\u00a0<\/li><li><strong>Disability Awareness Training<\/strong><br \/>Sie suchen ein massgeschneidertes Training zur Sensibilisierung f\u00fcr Inklusion und Barrierefreiheit in Ihrem Unternehmen?\u00a0<\/li><li><strong>Grundlagen der digitalen Barrierefreiheit<\/strong><br \/>Sie m\u00f6chten praxisnahe Workshops zu den zentralen Prinzipien und Anforderungen digitaler Barrierefreiheit?\u00a0<\/li><li><strong>Barrierefreie Webseiten und Apps<\/strong><br \/>Sie ben\u00f6tigen fundierte Schulungen zur technischen Umsetzung barrierefreier digitaler L\u00f6sungen?\u00a0<\/li><li><strong>Barrierefreie Dokumente<\/strong><br \/>Sie m\u00f6chten lernen, wie barrierefreie Dokumente (z. B. Word, PowerPoint, PDF) professionell erstellt werden?<\/li><\/ul><p>Ich konzipiere und realisiere massgeschneiderte Schulungen \u2013 praxisorientiert, wirkungsvoll und auf Ihre Bed\u00fcrfnisse abgestimmt.<\/p>\t\t\t\t\t\t\t\t<\/div>\n\t\t\t\t<\/div>\n\t\t\t\t<\/div>\n\t\t\t\t\t<\/div>\n\t\t\t\t<\/div>\n\t\t<div class=\"elementor-element elementor-element-59de73d3 e-flex e-con-boxed e-con e-parent\" data-id=\"59de73d3\" data-element_type=\"container\" data-e-type=\"container\">\n\t\t\t\t\t<div class=\"e-con-inner\">\n\t\t\t\t<div class=\"elementor-element elementor-element-7277c95e elementor-widget elementor-widget-image\" data-id=\"7277c95e\" data-element_type=\"widget\" data-e-type=\"widget\" data-widget_type=\"image.default\">\n\t\t\t\t<div class=\"elementor-widget-container\">\n\t\t\t\t\t\t\t\t\t\t\t\t\t\t\t<img fetchpriority=\"high\" decoding=\"async\" width=\"800\" height=\"533\" src=\"https:\/\/accesslab-v1.allycan.ch\/wp-content\/uploads\/2026\/05\/MKP_Velo.jpg\" class=\"attachment-full size-full wp-image-1851\" alt=\"mkp velo\" srcset=\"https:\/\/accesslab-v1.allycan.ch\/wp-content\/uploads\/2026\/05\/MKP_Velo.jpg 800w, https:\/\/accesslab-v1.allycan.ch\/wp-content\/uploads\/2026\/05\/MKP_Velo-300x200.jpg 300w, https:\/\/accesslab-v1.allycan.ch\/wp-content\/uploads\/2026\/05\/MKP_Velo-768x512.jpg 768w, https:\/\/accesslab-v1.allycan.ch\/wp-content\/uploads\/2026\/05\/MKP_Velo-18x12.jpg 18w\" sizes=\"(max-width: 800px) 100vw, 800px\" title=\"Services - Accessibility Training\">\t\t\t\t\t\t\t\t\t\t\t\t\t\t\t<\/div>\n\t\t\t\t<\/div>\n\t\t\t\t\t<\/div>\n\t\t\t\t<\/div>\n\t\t\t\t<\/div>\n\t\t","protected":false},"excerpt":{"rendered":"<p>Leistungen Accessibility Training Impulsreferate: KI und BarrierefreiheitSie m\u00f6chten verstehen, wie K\u00fcnstliche Intelligenz die digitale Barrierefreiheit unterst\u00fctzen kann?\u00a0 Disability Awareness TrainingSie suchen ein massgeschneidertes Training zur Sensibilisierung f\u00fcr Inklusion und Barrierefreiheit in Ihrem Unternehmen?\u00a0 Grundlagen der digitalen BarrierefreiheitSie m\u00f6chten praxisnahe Workshops zu den zentralen Prinzipien und Anforderungen digitaler Barrierefreiheit?\u00a0 Barrierefreie Webseiten und AppsSie ben\u00f6tigen fundierte Schulungen [&hellip;]<\/p>\n","protected":false},"author":3,"featured_media":0,"parent":0,"menu_order":0,"comment_status":"closed","ping_status":"closed","template":"","meta":{"site-sidebar-layout":"no-sidebar","site-content-layout":"page-builder","ast-site-content-layout":"full-width-container","site-content-style":"unboxed","site-sidebar-style":"default","ast-global-header-display":"","ast-banner-title-visibility":"","ast-main-header-display":"","ast-hfb-above-header-display":"","ast-hfb-below-header-display":"","ast-hfb-mobile-header-display":"","site-post-title":"","ast-breadcrumbs-content":"","ast-featured-img":"disabled","footer-sml-layout":"","ast-disable-related-posts":"","theme-transparent-header-meta":"enabled","adv-header-id-meta":"","stick-header-meta":"","header-above-stick-meta":"","header-main-stick-meta":"","header-below-stick-meta":"","astra-migrate-meta-layouts":"set","ast-page-background-enabled":"default","ast-page-background-meta":{"desktop":{"background-color":"","background-image":"","background-repeat":"repeat","background-position":"center center","background-size":"auto","background-attachment":"scroll","background-type":"","background-media":"","overlay-type":"","overlay-color":"","overlay-opacity":"","overlay-gradient":""},"tablet":{"background-color":"","background-image":"","background-repeat":"repeat","background-position":"center center","background-size":"auto","background-attachment":"scroll","background-type":"","background-media":"","overlay-type":"","overlay-color":"","overlay-opacity":"","overlay-gradient":""},"mobile":{"background-color":"","background-image":"","background-repeat":"repeat","background-position":"center center","background-size":"auto","background-attachment":"scroll","background-type":"","background-media":"","overlay-type":"","overlay-color":"","overlay-opacity":"","overlay-gradient":""}},"ast-content-background-meta":{"desktop":{"background-color":"var(--ast-global-color-5)","background-image":"","background-repeat":"repeat","background-position":"center center","background-size":"auto","background-attachment":"scroll","background-type":"","background-media":"","overlay-type":"","overlay-color":"","overlay-opacity":"","overlay-gradient":""},"tablet":{"background-color":"var(--ast-global-color-5)","background-image":"","background-repeat":"repeat","background-position":"center center","background-size":"auto","background-attachment":"scroll","background-type":"","background-media":"","overlay-type":"","overlay-color":"","overlay-opacity":"","overlay-gradient":""},"mobile":{"background-color":"var(--ast-global-color-5)","background-image":"","background-repeat":"repeat","background-position":"center center","background-size":"auto","background-attachment":"scroll","background-type":"","background-media":"","overlay-type":"","overlay-color":"","overlay-opacity":"","overlay-gradient":""}},"footnotes":""},"class_list":["post-1936","page","type-page","status-publish","hentry"],"yoast_head":"<!-- This site is optimized with the Yoast SEO plugin v27.5 - https:\/\/yoast.com\/product\/yoast-seo-wordpress\/ -->\n<title>Services - Accessibility Training - Accessibility LAB<\/title>\n<meta name=\"robots\" content=\"index, follow, max-snippet:-1, max-image-preview:large, max-video-preview:-1\" \/>\n<link rel=\"canonical\" href=\"https:\/\/accesslab-v1.allycan.ch\/de\/services-accessibility-training\/\" \/>\n<meta property=\"og:locale\" content=\"de_DE\" \/>\n<meta property=\"og:type\" content=\"article\" \/>\n<meta property=\"og:title\" content=\"Services - Accessibility Training - Accessibility LAB\" \/>\n<meta property=\"og:description\" content=\"Leistungen Accessibility Training Impulsreferate: KI und BarrierefreiheitSie m\u00f6chten verstehen, wie K\u00fcnstliche Intelligenz die digitale Barrierefreiheit unterst\u00fctzen kann?\u00a0 Disability Awareness TrainingSie suchen ein massgeschneidertes Training zur Sensibilisierung f\u00fcr Inklusion und Barrierefreiheit in Ihrem Unternehmen?\u00a0 Grundlagen der digitalen BarrierefreiheitSie m\u00f6chten praxisnahe Workshops zu den zentralen Prinzipien und Anforderungen digitaler Barrierefreiheit?\u00a0 Barrierefreie Webseiten und AppsSie ben\u00f6tigen fundierte Schulungen [&hellip;]\" \/>\n<meta property=\"og:url\" content=\"https:\/\/accesslab-v1.allycan.ch\/de\/services-accessibility-training\/\" \/>\n<meta property=\"og:site_name\" content=\"Accessibility LAB\" \/>\n<meta property=\"article:modified_time\" content=\"2026-05-08T08:26:45+00:00\" \/>\n<meta property=\"og:image\" content=\"https:\/\/accesslab-v1.allycan.ch\/wp-content\/uploads\/2026\/05\/MKP_Velo.jpg\" \/>\n\t<meta property=\"og:image:width\" content=\"800\" \/>\n\t<meta property=\"og:image:height\" content=\"533\" \/>\n\t<meta property=\"og:image:type\" content=\"image\/jpeg\" \/>\n<meta name=\"twitter:card\" content=\"summary_large_image\" \/>\n<meta name=\"twitter:label1\" content=\"Gesch\u00e4tzte Lesezeit\" \/>\n\t<meta name=\"twitter:data1\" content=\"1\u00a0Minute\" \/>\n<script type=\"application\/ld+json\" class=\"yoast-schema-graph\">{\"@context\":\"https:\\\/\\\/schema.org\",\"@graph\":[{\"@type\":\"WebPage\",\"@id\":\"https:\\\/\\\/accesslab-v1.allycan.ch\\\/services-accessibility-training\\\/\",\"url\":\"https:\\\/\\\/accesslab-v1.allycan.ch\\\/services-accessibility-training\\\/\",\"name\":\"Services - Accessibility Training - Accessibility LAB\",\"isPartOf\":{\"@id\":\"https:\\\/\\\/accesslab-v1.allycan.ch\\\/#website\"},\"primaryImageOfPage\":{\"@id\":\"https:\\\/\\\/accesslab-v1.allycan.ch\\\/services-accessibility-training\\\/#primaryimage\"},\"image\":{\"@id\":\"https:\\\/\\\/accesslab-v1.allycan.ch\\\/services-accessibility-training\\\/#primaryimage\"},\"thumbnailUrl\":\"https:\\\/\\\/accesslab-v1.allycan.ch\\\/wp-content\\\/uploads\\\/2026\\\/05\\\/MKP_Velo.jpg\",\"datePublished\":\"2026-05-07T20:46:50+00:00\",\"dateModified\":\"2026-05-08T08:26:45+00:00\",\"breadcrumb\":{\"@id\":\"https:\\\/\\\/accesslab-v1.allycan.ch\\\/services-accessibility-training\\\/#breadcrumb\"},\"inLanguage\":\"de-CH\",\"potentialAction\":[{\"@type\":\"ReadAction\",\"target\":[\"https:\\\/\\\/accesslab-v1.allycan.ch\\\/services-accessibility-training\\\/\"]}]},{\"@type\":\"ImageObject\",\"inLanguage\":\"de-CH\",\"@id\":\"https:\\\/\\\/accesslab-v1.allycan.ch\\\/services-accessibility-training\\\/#primaryimage\",\"url\":\"https:\\\/\\\/accesslab-v1.allycan.ch\\\/wp-content\\\/uploads\\\/2026\\\/05\\\/MKP_Velo.jpg\",\"contentUrl\":\"https:\\\/\\\/accesslab-v1.allycan.ch\\\/wp-content\\\/uploads\\\/2026\\\/05\\\/MKP_Velo.jpg\"},{\"@type\":\"BreadcrumbList\",\"@id\":\"https:\\\/\\\/accesslab-v1.allycan.ch\\\/services-accessibility-training\\\/#breadcrumb\",\"itemListElement\":[{\"@type\":\"ListItem\",\"position\":1,\"name\":\"Home\",\"item\":\"https:\\\/\\\/accesslab-v1.allycan.ch\\\/\"},{\"@type\":\"ListItem\",\"position\":2,\"name\":\"Services &#8211; Accessibility Training\"}]},{\"@type\":\"WebSite\",\"@id\":\"https:\\\/\\\/accesslab-v1.allycan.ch\\\/#website\",\"url\":\"https:\\\/\\\/accesslab-v1.allycan.ch\\\/\",\"name\":\"Accessibility Lab\",\"description\":\"Ihre erste Adresse im Bereich Accessibility\",\"publisher\":{\"@id\":\"https:\\\/\\\/accesslab-v1.allycan.ch\\\/#organization\"},\"potentialAction\":[{\"@type\":\"SearchAction\",\"target\":{\"@type\":\"EntryPoint\",\"urlTemplate\":\"https:\\\/\\\/accesslab-v1.allycan.ch\\\/?s={search_term_string}\"},\"query-input\":{\"@type\":\"PropertyValueSpecification\",\"valueRequired\":true,\"valueName\":\"search_term_string\"}}],\"inLanguage\":\"de-CH\"},{\"@type\":\"Organization\",\"@id\":\"https:\\\/\\\/accesslab-v1.allycan.ch\\\/#organization\",\"name\":\"Accessibility Lab\",\"url\":\"https:\\\/\\\/accesslab-v1.allycan.ch\\\/\",\"logo\":{\"@type\":\"ImageObject\",\"inLanguage\":\"de-CH\",\"@id\":\"https:\\\/\\\/accesslab-v1.allycan.ch\\\/#\\\/schema\\\/logo\\\/image\\\/\",\"url\":\"https:\\\/\\\/accesslab-v1.allycan.ch\\\/wp-content\\\/uploads\\\/2026\\\/05\\\/cropped-cropped-cropped-Accessibility_Lab_Logo_small.png\",\"contentUrl\":\"https:\\\/\\\/accesslab-v1.allycan.ch\\\/wp-content\\\/uploads\\\/2026\\\/05\\\/cropped-cropped-cropped-Accessibility_Lab_Logo_small.png\",\"width\":300,\"height\":300,\"caption\":\"Accessibility Lab\"},\"image\":{\"@id\":\"https:\\\/\\\/accesslab-v1.allycan.ch\\\/#\\\/schema\\\/logo\\\/image\\\/\"},\"sameAs\":[\"https:\\\/\\\/linkedin.com\\\/in\\\/alireza-darvishy-5643b8164\"]}]}<\/script>\n<!-- \/ Yoast SEO plugin. -->","yoast_head_json":{"title":"Services - Accessibility Training - Accessibility LAB","robots":{"index":"index","follow":"follow","max-snippet":"max-snippet:-1","max-image-preview":"max-image-preview:large","max-video-preview":"max-video-preview:-1"},"canonical":"https:\/\/accesslab-v1.allycan.ch\/de\/services-accessibility-training\/","og_locale":"de_DE","og_type":"article","og_title":"Services - Accessibility Training - Accessibility LAB","og_description":"Leistungen Accessibility Training Impulsreferate: KI und BarrierefreiheitSie m\u00f6chten verstehen, wie K\u00fcnstliche Intelligenz die digitale Barrierefreiheit unterst\u00fctzen kann?\u00a0 Disability Awareness TrainingSie suchen ein massgeschneidertes Training zur Sensibilisierung f\u00fcr Inklusion und Barrierefreiheit in Ihrem Unternehmen?\u00a0 Grundlagen der digitalen BarrierefreiheitSie m\u00f6chten praxisnahe Workshops zu den zentralen Prinzipien und Anforderungen digitaler Barrierefreiheit?\u00a0 Barrierefreie Webseiten und AppsSie ben\u00f6tigen fundierte Schulungen [&hellip;]","og_url":"https:\/\/accesslab-v1.allycan.ch\/de\/services-accessibility-training\/","og_site_name":"Accessibility LAB","article_modified_time":"2026-05-08T08:26:45+00:00","og_image":[{"width":800,"height":533,"url":"https:\/\/accesslab-v1.allycan.ch\/wp-content\/uploads\/2026\/05\/MKP_Velo.jpg","type":"image\/jpeg"}],"twitter_card":"summary_large_image","twitter_misc":{"Gesch\u00e4tzte Lesezeit":"1\u00a0Minute"},"schema":{"@context":"https:\/\/schema.org","@graph":[{"@type":"WebPage","@id":"https:\/\/accesslab-v1.allycan.ch\/services-accessibility-training\/","url":"https:\/\/accesslab-v1.allycan.ch\/services-accessibility-training\/","name":"Services - Accessibility Training - Accessibility LAB","isPartOf":{"@id":"https:\/\/accesslab-v1.allycan.ch\/#website"},"primaryImageOfPage":{"@id":"https:\/\/accesslab-v1.allycan.ch\/services-accessibility-training\/#primaryimage"},"image":{"@id":"https:\/\/accesslab-v1.allycan.ch\/services-accessibility-training\/#primaryimage"},"thumbnailUrl":"https:\/\/accesslab-v1.allycan.ch\/wp-content\/uploads\/2026\/05\/MKP_Velo.jpg","datePublished":"2026-05-07T20:46:50+00:00","dateModified":"2026-05-08T08:26:45+00:00","breadcrumb":{"@id":"https:\/\/accesslab-v1.allycan.ch\/services-accessibility-training\/#breadcrumb"},"inLanguage":"de-CH","potentialAction":[{"@type":"ReadAction","target":["https:\/\/accesslab-v1.allycan.ch\/services-accessibility-training\/"]}]},{"@type":"ImageObject","inLanguage":"de-CH","@id":"https:\/\/accesslab-v1.allycan.ch\/services-accessibility-training\/#primaryimage","url":"https:\/\/accesslab-v1.allycan.ch\/wp-content\/uploads\/2026\/05\/MKP_Velo.jpg","contentUrl":"https:\/\/accesslab-v1.allycan.ch\/wp-content\/uploads\/2026\/05\/MKP_Velo.jpg"},{"@type":"BreadcrumbList","@id":"https:\/\/accesslab-v1.allycan.ch\/services-accessibility-training\/#breadcrumb","itemListElement":[{"@type":"ListItem","position":1,"name":"Home","item":"https:\/\/accesslab-v1.allycan.ch\/"},{"@type":"ListItem","position":2,"name":"Services &#8211; Accessibility Training"}]},{"@type":"WebSite","@id":"https:\/\/accesslab-v1.allycan.ch\/#website","url":"https:\/\/accesslab-v1.allycan.ch\/","name":"Accessibility Lab","description":"Ihre erste Adresse im Bereich Accessibility","publisher":{"@id":"https:\/\/accesslab-v1.allycan.ch\/#organization"},"potentialAction":[{"@type":"SearchAction","target":{"@type":"EntryPoint","urlTemplate":"https:\/\/accesslab-v1.allycan.ch\/?s={search_term_string}"},"query-input":{"@type":"PropertyValueSpecification","valueRequired":true,"valueName":"search_term_string"}}],"inLanguage":"de-CH"},{"@type":"Organization","@id":"https:\/\/accesslab-v1.allycan.ch\/#organization","name":"Accessibility Lab","url":"https:\/\/accesslab-v1.allycan.ch\/","logo":{"@type":"ImageObject","inLanguage":"de-CH","@id":"https:\/\/accesslab-v1.allycan.ch\/#\/schema\/logo\/image\/","url":"https:\/\/accesslab-v1.allycan.ch\/wp-content\/uploads\/2026\/05\/cropped-cropped-cropped-Accessibility_Lab_Logo_small.png","contentUrl":"https:\/\/accesslab-v1.allycan.ch\/wp-content\/uploads\/2026\/05\/cropped-cropped-cropped-Accessibility_Lab_Logo_small.png","width":300,"height":300,"caption":"Accessibility Lab"},"image":{"@id":"https:\/\/accesslab-v1.allycan.ch\/#\/schema\/logo\/image\/"},"sameAs":["https:\/\/linkedin.com\/in\/alireza-darvishy-5643b8164"]}]}},"_links":{"self":[{"href":"https:\/\/accesslab-v1.allycan.ch\/de\/wp-json\/wp\/v2\/pages\/1936","targetHints":{"allow":["GET"]}}],"collection":[{"href":"https:\/\/accesslab-v1.allycan.ch\/de\/wp-json\/wp\/v2\/pages"}],"about":[{"href":"https:\/\/accesslab-v1.allycan.ch\/de\/wp-json\/wp\/v2\/types\/page"}],"author":[{"embeddable":true,"href":"https:\/\/accesslab-v1.allycan.ch\/de\/wp-json\/wp\/v2\/users\/3"}],"replies":[{"embeddable":true,"href":"https:\/\/accesslab-v1.allycan.ch\/de\/wp-json\/wp\/v2\/comments?post=1936"}],"version-history":[{"count":13,"href":"https:\/\/accesslab-v1.allycan.ch\/de\/wp-json\/wp\/v2\/pages\/1936\/revisions"}],"predecessor-version":[{"id":2038,"href":"https:\/\/accesslab-v1.allycan.ch\/de\/wp-json\/wp\/v2\/pages\/1936\/revisions\/2038"}],"wp:attachment":[{"href":"https:\/\/accesslab-v1.allycan.ch\/de\/wp-json\/wp\/v2\/media?parent=1936"}],"curies":[{"name":"wp","href":"https:\/\/api.w.org\/{rel}","templated":true}]}}